{"id":923,"date":"2018-05-02T15:31:40","date_gmt":"2018-05-02T15:31:40","guid":{"rendered":"http:\/\/certamenaltea.com\/trofeo\/"},"modified":"2018-05-15T15:32:51","modified_gmt":"2018-05-15T15:32:51","slug":"trofeo","status":"publish","type":"page","link":"https:\/\/www.certamenaltea.com\/va\/trofeo\/","title":{"rendered":"Trofeu"},"content":{"rendered":"<p><img loading=\"lazy\" decoding=\"async\" class=\"size-medium wp-image-558 aligncenter\" src=\"http:\/\/certamenaltea.com\/wp-content\/uploads\/2018\/05\/trofeu-228x300.jpg\" alt=\"\" width=\"228\" height=\"300\" srcset=\"https:\/\/www.certamenaltea.com\/wp-content\/uploads\/2018\/05\/trofeu-228x300.jpg 228w, https:\/\/www.certamenaltea.com\/wp-content\/uploads\/2018\/05\/trofeu.jpg 370w\" sizes=\"(max-width: 228px) 100vw, 228px\" \/>El\u00a0<strong>Trofeu\u00a0Societat Filharm\u00f2nica\u00a0Alteanense<\/strong>, que s&#8217;atorga a la banda que aconsegueix la m\u00e0xima puntuaci\u00f3 en cada edici\u00f3 del Certamen Internacional de Bandes de M\u00fasica Vila d&#8217;Altea, \u00e9s una creaci\u00f3 de Matilde Pau, famosa\u00a0ceramistaestablida a Altea. \u00c9s una reproducci\u00f3 del s\u00edmbol de la Societat Filharm\u00f2nica\u00a0Alteanense, amb la qual l&#8217;artista intenta transmetre\u00a0moviment a una\u00a0pe\u00e7a\u00a0de\u00a0gres\u00a0refractari amb \u00f2xids i cuita a 1230\u00ba en reducci\u00f3.<\/p>\n<p>&nbsp;<\/p>\n","protected":false},"excerpt":{"rendered":"<p>El\u00a0Trofeu\u00a0Societat Filharm\u00f2nica\u00a0Alteanense, que s&#8217;atorga a la banda que aconsegueix la m\u00e0xima puntuaci\u00f3 en cada edici\u00f3 del Certamen Internacional de Bandes de M\u00fasica Vila d&#8217;Altea, \u00e9s una creaci\u00f3 de Matilde Pau, famosa\u00a0ceramistaestablida a Altea. \u00c9s una reproducci\u00f3 del s\u00edmbol de la Societat Filharm\u00f2nica\u00a0Alteanense, amb la qual l&#8217;artista intenta transmetre\u00a0moviment a una\u00a0pe\u00e7a\u00a0de\u00a0gres\u00a0refractari amb \u00f2xids i cuita a [&hellip;]<\/p>\n","protected":false},"author":1,"featured_media":0,"parent":0,"menu_order":0,"comment_status":"closed","ping_status":"closed","template":"","meta":{"footnotes":""},"yoast_head":"<!-- This site is optimized with the Yoast SEO plugin v15.5 - https:\/\/yoast.com\/wordpress\/plugins\/seo\/ -->\n<title>Trofeu - Certamen Internacional de M\u00fasica Villa de Altea<\/title>\n<meta name=\"robots\" content=\"index, follow, max-snippet:-1, max-image-preview:large, max-video-preview:-1\" \/>\n<link rel=\"canonical\" href=\"https:\/\/www.certamenaltea.com\/va\/trofeo\/\" \/>\n<meta property=\"og:locale\" content=\"en_US\" \/>\n<meta property=\"og:type\" content=\"article\" \/>\n<meta property=\"og:title\" content=\"Trofeu - Certamen Internacional de M\u00fasica Villa de Altea\" \/>\n<meta property=\"og:description\" content=\"El\u00a0Trofeu\u00a0Societat Filharm\u00f2nica\u00a0Alteanense, que s&#8217;atorga a la banda que aconsegueix la m\u00e0xima puntuaci\u00f3 en cada edici\u00f3 del Certamen Internacional de Bandes de M\u00fasica Vila d&#8217;Altea, \u00e9s una creaci\u00f3 de Matilde Pau, famosa\u00a0ceramistaestablida a Altea. \u00c9s una reproducci\u00f3 del s\u00edmbol de la Societat Filharm\u00f2nica\u00a0Alteanense, amb la qual l&#8217;artista intenta transmetre\u00a0moviment a una\u00a0pe\u00e7a\u00a0de\u00a0gres\u00a0refractari amb \u00f2xids i cuita a [&hellip;]\" \/>\n<meta property=\"og:url\" content=\"https:\/\/www.certamenaltea.com\/va\/trofeo\/\" \/>\n<meta property=\"og:site_name\" content=\"Certamen Internacional de M\u00fasica Villa de Altea\" \/>\n<meta property=\"article:modified_time\" content=\"2018-05-15T15:32:51+00:00\" \/>\n<meta property=\"og:image\" content=\"http:\/\/certamenaltea.com\/wp-content\/uploads\/2018\/05\/trofeu-228x300.jpg\" \/>\n<meta name=\"twitter:card\" content=\"summary_large_image\" \/>\n<meta name=\"twitter:label1\" content=\"Est. reading time\">\n\t<meta name=\"twitter:data1\" content=\"0 minutes\">\n<script type=\"application\/ld+json\" class=\"yoast-schema-graph\">{\"@context\":\"https:\/\/schema.org\",\"@graph\":[{\"@type\":\"Organization\",\"@id\":\"https:\/\/www.certamenaltea.com\/#organization\",\"name\":\"Sociedad Filarm\\u00f3nica Alteanense\",\"url\":\"https:\/\/www.certamenaltea.com\/\",\"sameAs\":[],\"logo\":{\"@type\":\"ImageObject\",\"@id\":\"https:\/\/www.certamenaltea.com\/#logo\",\"inLanguage\":\"va\",\"url\":\"https:\/\/www.certamenaltea.com\/wp-content\/uploads\/2020\/08\/LOGO-SFA-res-web.jpg\",\"width\":600,\"height\":350,\"caption\":\"Sociedad Filarm\\u00f3nica Alteanense\"},\"image\":{\"@id\":\"https:\/\/www.certamenaltea.com\/#logo\"}},{\"@type\":\"WebSite\",\"@id\":\"https:\/\/www.certamenaltea.com\/#website\",\"url\":\"https:\/\/www.certamenaltea.com\/\",\"name\":\"Certamen Internacional de M\\u00fasica Villa de Altea\",\"description\":\"\",\"publisher\":{\"@id\":\"https:\/\/www.certamenaltea.com\/#organization\"},\"potentialAction\":[{\"@type\":\"SearchAction\",\"target\":\"https:\/\/www.certamenaltea.com\/?s={search_term_string}\",\"query-input\":\"required name=search_term_string\"}],\"inLanguage\":\"va\"},{\"@type\":\"ImageObject\",\"@id\":\"https:\/\/www.certamenaltea.com\/va\/trofeo\/#primaryimage\",\"inLanguage\":\"va\",\"url\":\"http:\/\/certamenaltea.com\/wp-content\/uploads\/2018\/05\/trofeu-228x300.jpg\"},{\"@type\":\"WebPage\",\"@id\":\"https:\/\/www.certamenaltea.com\/va\/trofeo\/#webpage\",\"url\":\"https:\/\/www.certamenaltea.com\/va\/trofeo\/\",\"name\":\"Trofeu - Certamen Internacional de M\\u00fasica Villa de Altea\",\"isPartOf\":{\"@id\":\"https:\/\/www.certamenaltea.com\/#website\"},\"primaryImageOfPage\":{\"@id\":\"https:\/\/www.certamenaltea.com\/va\/trofeo\/#primaryimage\"},\"datePublished\":\"2018-05-02T15:31:40+00:00\",\"dateModified\":\"2018-05-15T15:32:51+00:00\",\"inLanguage\":\"va\",\"potentialAction\":[{\"@type\":\"ReadAction\",\"target\":[\"https:\/\/www.certamenaltea.com\/va\/trofeo\/\"]}]}]}<\/script>\n<!-- \/ Yoast SEO plugin. -->","_links":{"self":[{"href":"https:\/\/www.certamenaltea.com\/va\/wp-json\/wp\/v2\/pages\/923"}],"collection":[{"href":"https:\/\/www.certamenaltea.com\/va\/wp-json\/wp\/v2\/pages"}],"about":[{"href":"https:\/\/www.certamenaltea.com\/va\/wp-json\/wp\/v2\/types\/page"}],"author":[{"embeddable":true,"href":"https:\/\/www.certamenaltea.com\/va\/wp-json\/wp\/v2\/users\/1"}],"replies":[{"embeddable":true,"href":"https:\/\/www.certamenaltea.com\/va\/wp-json\/wp\/v2\/comments?post=923"}],"version-history":[{"count":2,"href":"https:\/\/www.certamenaltea.com\/va\/wp-json\/wp\/v2\/pages\/923\/revisions"}],"predecessor-version":[{"id":925,"href":"https:\/\/www.certamenaltea.com\/va\/wp-json\/wp\/v2\/pages\/923\/revisions\/925"}],"wp:attachment":[{"href":"https:\/\/www.certamenaltea.com\/va\/wp-json\/wp\/v2\/media?parent=923"}],"curies":[{"name":"wp","href":"https:\/\/api.w.org\/{rel}","templated":true}]}}